{"id":17326,"date":"2025-02-14T10:13:13","date_gmt":"2025-02-14T10:13:13","guid":{"rendered":"https:\/\/www.saiebari.it\/?page_id=17326"},"modified":"2025-07-10T10:53:11","modified_gmt":"2025-07-10T10:53:11","slug":"prevenzione-dissesto-idrogeologico-bologna","status":"publish","type":"page","link":"https:\/\/www.saiebari.it\/it\/lab\/prevenzione-dissesto-idrogeologico-bologna\/","title":{"rendered":"SAIE LAB &#8211; Bologna"},"content":{"rendered":"[vc_row equal_height=&#8221;yes&#8221;][vc_column css=&#8221;.vc_custom_1739532864216{background-image: url(\/public\/uploads\/sites\/13\/SAIELAB_Header_BOLOGNA_1920x784.jpg?id=17333) !important;background-position: center !important;background-repeat: no-repeat !important;background-size: cover !important;}&#8221;][vc_empty_space][vc_row_inner][vc_column_inner][vc_column_text el_class=&#8221;py-lg-2 px-lg-2&#8243;]\n<h1 style=\"text-align: center\"><span style=\"color: #ffffff\">SAIE LAB &#8211; Dissesto idrogeologico: strategie di prevenzione e azioni di contrasto<\/span><\/h1>\n<p class=\"subtitle text-black\" style=\"text-align: center;color: #000\"><span style=\"color: #ffffff\"><img decoding=\"async\" loading=\"lazy\" class=\"alignnone wp-image-9203\" src=\"\/public\/uploads\/sites\/13\/Location_black-1.png\" alt=\"\" width=\"40\" height=\"40\" \/>BOLOGNA, Savoia Hotel Regency<\/span><br \/>\n<span style=\"color: #ffffff\"><img decoding=\"async\" loading=\"lazy\" class=\"alignnone size-full wp-image-9213\" src=\"\/public\/uploads\/sites\/13\/Calendar_1.png\" alt=\"\" width=\"40\" height=\"40\" \/>15 Aprile 2025, ore 10:00 &#8211; 17:00<br \/>\n<\/span>[\/vc_column_text][\/vc_column_inner][\/vc_row_inner][vc_empty_space][\/vc_column][\/vc_row][vc_row equal_height=&#8221;yes&#8221;][vc_column][vc_empty_space][vc_row_inner equal_height=&#8221;yes&#8221; content_placement=&#8221;middle&#8221;][vc_column_inner el_class=&#8221;py-lg-2 px-lg-5 text-left&#8221; width=&#8221;2\/3&#8243;][vc_empty_space][vc_column_text el_class=&#8221;my-1&#8243;]\n<h3 style=\"text-align: left\">Un convegno per affrontare le sfide della sicurezza territoriale<\/h3>\n<p>Dopo il successo dell\u2019edizione 2024, che ha coinvolto\u202f<strong>1.843 professionisti<\/strong>,\u00a0<strong>32 aziende sponsor<\/strong>\u00a0e\u00a0<strong>77 partner istituzionali<\/strong>, sono ripartiti i\u202f<strong>SAIE LAB \u2013 Laboratori itineranti del saper fare<\/strong>\u00a0\u2013, un ciclo di incontri tecnici finalizzati all\u2019aggiornamento e al confronto tra operatori del settore, in preparazione a SAIE Bari (23-25 ottobre 2025).<\/p>\n<p>La <strong>seconda tappa<\/strong> dei SAIE LAB \u2013 i Laboratori itineranti di SAIE \u2013 si \u00e8 tenuta a <strong>Bologna<\/strong> con un focus dedicato al <strong>dissesto idrogeologico<\/strong>, in particolare sulle <strong>strategie di prevenzione<\/strong> e sulle <strong>azioni di contrasto<\/strong>, registrando una significativa partecipazione di pubblico con <strong>270 professionisti del settore<\/strong> presenti.<\/p>\n<p>La crescente variabilit\u00e0 climatica, l\u2019urbanizzazione e l\u2019alterazione degli equilibri idro-geomorfologici avevano reso necessario un approccio integrato alla gestione del rischio, basato su prevenzione, monitoraggio e innovazione tecnologica.<\/p>\n<p>Durante il convegno, gli interventi tecnici hanno approfondito i temi relativi all\u2019integrazione tra tecnologie, materiali, strumenti urbanistici e soluzioni digitali, illustrando modalit\u00e0 per ridurre la vulnerabilit\u00e0 delle aree a rischio e garantire interventi pi\u00f9 efficaci nella gestione delle emergenze.<\/p>\n<p>L\u2019evento ha rappresentato un\u2019importante occasione di confronto tra imprese, progettisti, ingegneri, geologi, geometri e architetti, insieme a istituzioni e aziende che hanno presentato soluzioni e progetti dedicati a:<\/p>\n<ul>\n<li>Geotecnica e stabilizzazione dei terreni<\/li>\n<li>Sistemi di monitoraggio e digitalizzazione<\/li>\n<li>Idraulica e gestione delle acque<\/li>\n<li>Progettazione urbanistica e resilienza territoriale<\/li>\n<li>Fornitori di soluzioni innovative per la sicurezza ambientale<\/li>\n<\/ul>\n[\/vc_column_text][vc_message message_box_color=&#8221;alert-warning&#8221; icon_fontawesome=&#8221;fas fa-graduation-cap&#8221;]Sono stati attribuiti CFP: <strong>6 per Geometri, Architetti e Periti Industriali<\/strong>, <strong>5 per Geologi<\/strong>, <strong>3 per Ingegneri<\/strong>, <strong>0,625 per Dottori Agronomi e Forestali<\/strong>.[\/vc_message][vc_column_text]<a class=\"btn btn-lg\" href=\"#programma\" target=\"_blank\" rel=\"noopener\">Scopri il programma \u00bb<\/a> <a class=\"btn btn-lg btn-primary my-2\" href=\"https:\/\/www.saiebari.it\/it\/comunicati-stampa\/bologna-saie-lab-confronto-dissesto-idrogeologico\/\">Leggi il comunicato stampa<\/a>[\/vc_column_text][vc_separator][vc_column_text]\n<h4 style=\"text-align: left\">Leggi la rassegna stampa<\/h4>\n<p><a class=\"btn btn-lg\" href=\"\/public\/uploads\/sites\/13\/SAIELAB25_BOLOGNA_Rassegna_Stampa_1.pdf\">Parte 1<\/a> <a class=\"btn btn-lg\" href=\"\/public\/uploads\/sites\/13\/SAIELAB25_BOLOGNA_Rassegna_Stampa_2.pdf\">Parte 2<\/a>[\/vc_column_text][\/vc_column_inner][vc_column_inner el_class=&#8221;py-lg-2 px-lg-5 bg-darker&#8221; width=&#8221;1\/3&#8243;][vc_column_text]\n<h5 style=\"text-align: left\">Al via gli appuntamenti di SAIE LAB \u2013 Laboratori itineranti del saper fare, un ciclo di incontri tecnici che attraverseranno il territorio italiano fino alla prossima edizione di <strong>SAIE Bari \u2013 23\/25 ottobre 2025.<\/strong><\/h5>\n[\/vc_column_text][vc_separator color=&#8221;white&#8221;][vc_wp_custommenu nav_menu=&#8221;173&#8243;][vc_empty_space height=&#8221;60px&#8221;][\/vc_column_inner][\/vc_row_inner][\/vc_column][\/vc_row][vc_row el_class=&#8221;my-1&#8243;][vc_column][vc_media_grid element_width=&#8221;2&#8243; grid_id=&#8221;vc_gid:1752144787806-0e977723-49ac-8&#8243; include=&#8221;19411,19413,19415,19417,19419,19421&#8243;][\/vc_column][\/vc_row][vc_row el_class=&#8221;py-lg-2 px-lg-5&#8243;][vc_column][vc_column_text]\n<h3 style=\"text-align: center\">Guarda una selezione degli interventi tecnici<\/h3>\n[\/vc_column_text][vc_row_inner][vc_column_inner width=&#8221;1\/3&#8243;][vc_video link=&#8221;https:\/\/youtu.be\/uqhVRN6fRas&#8221;][\/vc_column_inner][vc_column_inner width=&#8221;1\/3&#8243;][vc_video link=&#8221;https:\/\/youtu.be\/SwGSP_aQSBQ&#8221;][\/vc_column_inner][vc_column_inner width=&#8221;1\/3&#8243;][vc_video link=&#8221;https:\/\/youtu.be\/nEYB5LIAVqw&#8221;][\/vc_column_inner][\/vc_row_inner][\/vc_column][\/vc_row][vc_row equal_height=&#8221;yes&#8221; el_id=&#8221;programma&#8221;][vc_column][vc_empty_space][vc_row_inner equal_height=&#8221;yes&#8221; content_placement=&#8221;top&#8221;][vc_column_inner el_class=&#8221;col-img&#8221; width=&#8221;1\/3&#8243; css=&#8221;.vc_custom_1745828283490{background-image: url(\/public\/uploads\/sites\/13\/SAIELAB_Bologna_2.jpg?id=19413) !important;background-position: center !important;background-repeat: no-repeat !important;background-size: cover !important;}&#8221;][\/vc_column_inner][vc_column_inner el_class=&#8221;py-lg-2 px-lg-5 bg-gray&#8221; width=&#8221;2\/3&#8243;][vc_column_text]\n<h3 style=\"text-align: left\">Programma dell&#8217;evento<\/h3>\n<p>Modera: <em>Andrea Dari<\/em>, Direttore Ingenio<\/p>\n<p>9:30 <strong>Registrazione partecipanti<\/strong>[\/vc_column_text][vc_separator color=&#8221;orange&#8221;][vc_column_text]10:00\u00a0\u2013 10:30 <strong>Saluti istituzionali<\/strong><\/p>\n<p>Fabrizio Giorgini, Presidente Ordine Geologi dell\u2019Emilia-Romagna<br \/>\nRiccardo Raggi, Presidente Gruppo Giovani ANCE Emilia Romagna<br \/>\nVincenzo Lamberti, Preside CIFI Sezione di Bologna<br \/>\nDaniele Ara, Assessore del Comune di Bologna con delega alla sicurezza idraulica<br \/>\nTommaso Sironi, Project Manager SAIE<\/p>\n<p>10:30 \u2013 13:00 <strong>Introduzione al tema: interventi tecnici<\/strong><\/p>\n<ul>\n<li><strong>Governo del territorio per la resilienza e l\u2019adattamento degli insediamenti<br \/>\n<\/strong>Simona Tondelli \u2013 Universit\u00e0 di Bologna<\/li>\n<li><strong>Digitalizzazione nella pianificazione del territorio<br \/>\n<\/strong>Dimitri Dello Buono &#8211; Staff del Commissario Straordinario per la ricostruzione delle aree colpite dalle alluvioni dell\u2019Emilia-Romagna, la Toscana e le Marche<\/li>\n<li><strong>Idraulica e gestione dei corsi d\u2019acqua urbani e montani<br \/>\n<\/strong>Armando Brath \u2013 Universit\u00e0 di Bologna<\/li>\n<li><strong>Vulnerabilit\u00e0 dei Sistemi Arginali<br \/>\n<\/strong>Guido Gottardi &#8211; Universit\u00e0 di Bologna<\/li>\n<li><strong>Tipologie di frana e azioni di mitigazione<br \/>\n<\/strong>Matteo Berti \u2013 Universit\u00e0 di Bologna<\/li>\n<\/ul>\n<p>13:00 \u2013 14:00\u00a0<strong>Aperitivo di networking<\/strong><\/p>\n<p>14:00 \u2013 14:30\u00a0<strong>Saluti istituzionali<\/strong><\/p>\n<p>Gianluca Loffredo, Esperto Struttura Commissariale Emilia<br \/>\nFilippo Catalano, RFI Responsabile DOIT Bologna<\/p>\n<p>14:30 <strong>Presentazione Dati Osservatorio SAIE \u2013 NOMISMA con focus Emilia Romagna<br \/>\n<\/strong>Roberta Gabrielli, NOMISMA<\/p>\n<p>14:45<strong> La questione idraulica dell\u2019Emilia-Romagna: scenari di rischio<br \/>\n<\/strong>Armando Brath \u2013 Universit\u00e0 di Bologna<\/p>\n<p>15:00 <strong>RFI Emilia-Romagna: Protezione della Rete Ferroviaria dal Rischio Idrogeologico e misure post Alluvione<\/strong><br \/>\nAlessio Montuschi \u2013 Responsabile reparto Opere Civili della Direzione Territoriale di Bologna di Rete Ferroviaria Italiana<br \/>\nManducchi Alessandro \u2013 Direttore dei lavori per gli interventi di mitigazione rischio frane<\/p>\n<p>15:45 <strong>Tavola rotonda: le soluzioni<\/strong><\/p>\n<p>Manuela Rontini, Sottosegretario alla Presidenza della Regione Emilia-Romagna, con delega alla Protezione\u00a0Civile<br \/>\nGianluca Loffredo, Esperto Struttura Commissariale Emilia<br \/>\nMassimo Valente, A.I.Po &#8211; Agenzia Interregionale per il fiume Po<em>, <\/em>Dirigente della Direzione Territoriale Idrografica Emilia Orientale<\/p>\n<p>&nbsp;<\/p>\n<p>17:00\u00a0<strong>Fine lavori<\/strong><\/p>\n<p>&nbsp;<\/p>\n<p style=\"text-align: right\"><em>Programma aggiornato al 14\/04\/2025<\/em><\/p>\n[\/vc_column_text][vc_message message_box_color=&#8221;alert-warning&#8221; icon_fontawesome=&#8221;fas fa-graduation-cap&#8221;]Sono stati attribuiti CFP: <strong>6 per Geometri, Architetti e Periti Industriali<\/strong>, <strong>5 per Geologi<\/strong>, <strong>3 per Ingegneri<\/strong>, <strong>0,625 per Dottori Agronomi e Forestali<\/strong>.[\/vc_message][vc_column_text]<a class=\"btn btn-lg\" href=\"https:\/\/www.saiebari.it\/it\/lab\/#form\" target=\"_blank\" rel=\"noopener\">Richiedi informazioni \u00bb<\/a>[\/vc_column_text][\/vc_column_inner][\/vc_row_inner][\/vc_column][\/vc_row][vc_row el_class=&#8221;py-lg-2 px-lg-5&#8243;][vc_column][vc_empty_space][vc_column_text]\n<p style=\"text-align: center\"><em>Event Sponsor<\/em><\/p>\n[\/vc_column_text][vc_separator][vc_row_inner content_placement=&#8221;middle&#8221;][vc_column_inner width=&#8221;1\/5&#8243;][vc_single_image image=&#8221;18422&#8243; img_size=&#8221;full&#8221; alignment=&#8221;center&#8221;][\/vc_column_inner][vc_column_inner width=&#8221;1\/5&#8243;][vc_single_image image=&#8221;18894&#8243; img_size=&#8221;full&#8221; alignment=&#8221;center&#8221;][\/vc_column_inner][vc_column_inner width=&#8221;1\/5&#8243;][vc_single_image image=&#8221;10515&#8243; img_size=&#8221;full&#8221; alignment=&#8221;center&#8221;][\/vc_column_inner][vc_column_inner width=&#8221;1\/5&#8243;][vc_single_image image=&#8221;18236&#8243; img_size=&#8221;full&#8221; alignment=&#8221;center&#8221;][\/vc_column_inner][vc_column_inner width=&#8221;1\/5&#8243;][vc_single_image image=&#8221;18900&#8243; img_size=&#8221;full&#8221; alignment=&#8221;center&#8221;][\/vc_column_inner][\/vc_row_inner][vc_row_inner content_placement=&#8221;middle&#8221;][vc_column_inner width=&#8221;1\/5&#8243;][vc_single_image image=&#8221;18258&#8243; img_size=&#8221;full&#8221; alignment=&#8221;center&#8221;][\/vc_column_inner][vc_column_inner width=&#8221;1\/5&#8243;][vc_single_image image=&#8221;18229&#8243; img_size=&#8221;full&#8221; alignment=&#8221;center&#8221;][\/vc_column_inner][vc_column_inner width=&#8221;1\/5&#8243;][vc_single_image image=&#8221;18671&#8243; img_size=&#8221;full&#8221; alignment=&#8221;center&#8221;][\/vc_column_inner][vc_column_inner width=&#8221;1\/5&#8243;][vc_single_image image=&#8221;19124&#8243; img_size=&#8221;full&#8221; alignment=&#8221;center&#8221;][\/vc_column_inner][vc_column_inner width=&#8221;1\/5&#8243;][vc_single_image image=&#8221;18252&#8243; img_size=&#8221;full&#8221; alignment=&#8221;center&#8221;][\/vc_column_inner][\/vc_row_inner][\/vc_column][\/vc_row][vc_row css=&#8221;.vc_custom_1743499428497{background-color: #fcf1de !important;}&#8221; el_class=&#8221;py-lg-2 px-lg-5&#8243;][vc_column][vc_empty_space][vc_text_separator title=&#8221;&#8221; i_icon_fontawesome=&#8221;fas fa-quote-left&#8221; i_color=&#8221;custom&#8221; color=&#8221;custom&#8221; add_icon=&#8221;true&#8221; i_custom_color=&#8221;#eb5b37&#8243; accent_color=&#8221;#a8a8a8&#8243;][vc_column_text]\n<h3 style=\"text-align: center\"><b>La parola degli Sponsor<\/b><\/h3>\n[\/vc_column_text][vc_row_inner][vc_column_inner width=&#8221;1\/3&#8243;][vc_column_text]\n<p style=\"text-align: center\"><em>\u201cUno dei progetti pi\u00f9 significativi che abbiamo realizzato in Emilia-Romagna riguarda il monitoraggio della frana di Poggio Baldi, nel Comune di Santa Sofia (FC). Abbiamo installato un dispositivo di Avacam per il monitoraggio continuo e in tempo reale dei movimenti del versante attraverso le immagini scattate ogni 5 minuti in alta qualit\u00e0 per rilevare anche i pi\u00f9 piccoli spostamenti del terreno con precisione millimetrica. Questo consente di raccogliere dati preziosi per analizzare l\u2019evoluzione della frana, generare mappe di cambiamento nel tempo e fornire alert tempestivi in caso di segnali critici<\/em>\u201d <strong><a href=\"https:\/\/www.saiebari.it\/it\/news\/intervista-saie-lab-avacam\/\">Leggi l&#8217;intervista completa \u00bb<\/a><\/strong><\/p>\n<p style=\"text-align: center\"><span style=\"color: #eb5b37\"><strong>Sabrina Valbusa<\/strong>, AVACAM<\/span><\/p>\n[\/vc_column_text][\/vc_column_inner][vc_column_inner width=&#8221;1\/3&#8243;][vc_column_text]\n<p style=\"text-align: center\"><em>\u201c<\/em><em>CAE oggi ha in manutenzione la rete idro-meteo-pluviometrica della Regione Emilia-Romagna, gestita da ARPAE, composta da circa 350 stazioni periferiche di misura, 40 ripetitori radio UHF, 2 centrali di controllo e 10 centrali secondarie. La rete consente di monitorare tutto il territorio in tempo reale, grazie a dati frequenti e affidabili, fondamentali per garantire un controllo efficace e tempestivo. Michele Di Lorenzo, Federico Grazzini e Fausto Tomei, del Servizio Idro-Meteo-Clima di Arpae Emilia-Romagna, hanno realizzato un modello di previsione in tempo reale, da applicare ai sistemi di allertamento per flash flood, che permette la diramazione dell\u2019allerta con un anticipo sufficiente a mettere in sicurezza le persone.<\/em>\u201d <strong><a href=\"https:\/\/www.saiebari.it\/it\/news\/intervista-saie-lab-cae\/\">Leggi l&#8217;intervista completa \u00bb<\/a><\/strong><\/p>\n<p style=\"text-align: center\"><span style=\"color: #eb5b37\"><strong>Guido Bernardi<\/strong>, CAE<\/span><\/p>\n[\/vc_column_text][\/vc_column_inner][vc_column_inner width=&#8221;1\/3&#8243;][vc_column_text]\n<p style=\"text-align: center\"><em>\u201cDa vent\u2019anni supportiamo ingegneri e societ\u00e0 di progettazione con soluzioni software all\u2019avanguardia e servizi altamente specializzati. Tra le nostre proposte pi\u00f9 rilevanti segnaliamo Midas FEA NX, un potente software per l\u2019analisi geotecnica avanzata, e Hy-Stone, utilizzato per la simulazione 3D di caduta massi. Grazie a questi strumenti, i professionisti possono affrontare con maggiore consapevolezza e precisione le sfide del territorio, contribuendo alla prevenzione e alla mitigazione dei rischi naturali<\/em>\u201d <strong><a href=\"https:\/\/www.saiebari.it\/it\/news\/intervista-saie-lab-cspfea\/\">Leggi l&#8217;intervista completa \u00bb<\/a><\/strong><\/p>\n<p style=\"text-align: center\"><span style=\"color: #eb5b37\"><strong>Stefano Scapin<\/strong>, CSPFea<\/span><\/p>\n[\/vc_column_text][\/vc_column_inner][\/vc_row_inner][vc_text_separator title=&#8221;&#8221; i_type=&#8221;typicons&#8221; i_icon_typicons=&#8221;typcn typcn-media-record&#8221; i_color=&#8221;custom&#8221; color=&#8221;custom&#8221; add_icon=&#8221;true&#8221; i_custom_color=&#8221;#eb5b37&#8243; accent_color=&#8221;#f9f9f9&#8243;][vc_row_inner][vc_column_inner width=&#8221;1\/3&#8243;][vc_column_text]\n<p style=\"text-align: center\"><em>\u201cAbbiamo gi\u00e0 fatto diversi interventi in Emilia-Romagna; uno dei pi\u00f9 importanti e recenti \u00e8 stata la fornitura dei nostri elementi modulari per la realizzazione di una vasca di laminazione di capacit\u00e0 2.500 m3 Imola, La vasca \u00e8 stata proposta per far fronte all\u2019aumento di superficie impermeabilizzata, legato alla creazione di un nuovo magazzino, e alla rimozione di un bacino a cielo aperto esistente, per esigenze di spazio. L\u2019installazione \u00e8 stata eseguita sotto un piazzale di carico\/scarico, ottimizzando lo sfruttamento delle superfici disponibili\u2026&#8221; <strong><a href=\"https:\/\/www.saiebari.it\/it\/news\/intervista-saie-lab-graf\/\">Leggi l&#8217;intervista completa \u00bb<\/a><\/strong><\/em><\/p>\n<p style=\"text-align: center\"><span style=\"color: #eb5b37\"><strong>Marco Zausa<\/strong>, GRAF<\/span><\/p>\n[\/vc_column_text][\/vc_column_inner][vc_column_inner width=&#8221;1\/3&#8243;][vc_column_text]\n<p style=\"text-align: center\"><em>\u201c<\/em><em>La connessione con il territorio \u00e8 fondamentale per un\u2019azienda come la nostra che realizza tecnologie per la mitigazione dei danni dal rischio idrogeologico. Ogni territorio ha le sue caratteristiche geografiche, climatiche e urbanistiche. Essere connessi con il territorio significa comprendere a fondo quali sono i rischi specifici e come progettare soluzioni su misura.<br \/>\nAbbiamo protetto la citt\u00e0 di Codigoro (FE) con un Argine Automatico a scomparsa Antiesondazione lungo 250 m che, nel caso in cui il fiume Po di Volano dovesse superare la soglia critica di esondazione, si attiva automaticamente senza l\u2019ausilio di corrente, ma con un sistema completamente idraulico passivo ad acqua, elevandosi sopra l\u2019argine esistente e proteggendo la citt\u00e0 dall\u2019esondazione del fiume<\/em>\u201d <strong><a href=\"https:\/\/www.saiebari.it\/it\/news\/intervista-saie-lab-hydro-air-bank\/\">Leggi l&#8217;intervista completa \u00bb<\/a><\/strong><\/p>\n<p style=\"text-align: center\"><span style=\"color: #eb5b37\"><strong>Stefano Martinelli<\/strong>, Hydro Air Bank<\/span><\/p>\n[\/vc_column_text][\/vc_column_inner][vc_column_inner width=&#8221;1\/3&#8243;][vc_column_text]\n<p style=\"text-align: center\"><em>\u201cTeMa Technologies and Materials \u00e8 impegnata nella ricerca e sviluppo di soluzioni geocompositi con la funzione di drenaggio delle acque, controllo dell\u2019erosione superficiale, rinforzo delle terre e impermeabilizzazione. Tra le innovazioni pi\u00f9 recenti, il sistema HDD, che combina una barriera all\u2019acqua con un\u2019elevata capacit\u00e0 di drenaggio anche sotto carichi di compressione elevati\u2026&#8221; <strong><a href=\"https:\/\/www.saiebari.it\/it\/news\/intervista-saie-lab-tema\/\">Leggi l&#8217;intervista completa \u00bb<\/a><\/strong><\/em><\/p>\n<p style=\"text-align: center\"><span style=\"color: #eb5b37\"><strong>Marco Cusato<\/strong>, TeMa<\/span><\/p>\n[\/vc_column_text][\/vc_column_inner][\/vc_row_inner][vc_text_separator title=&#8221;&#8221; i_icon_fontawesome=&#8221;fas fa-quote-right&#8221; i_color=&#8221;custom&#8221; color=&#8221;custom&#8221; add_icon=&#8221;true&#8221; i_custom_color=&#8221;#eb5b37&#8243; accent_color=&#8221;#a8a8a8&#8243;][\/vc_column][\/vc_row][vc_row el_class=&#8221;py-lg-2 px-lg-5&#8243;][vc_column][vc_column_text]\n<p style=\"text-align: center\"><em>Con il patrocinio di<\/em><\/p>\n[\/vc_column_text][vc_separator][vc_row_inner][vc_column_inner width=&#8221;1\/5&#8243;][vc_single_image image=&#8221;18088&#8243; img_size=&#8221;full&#8221; alignment=&#8221;center&#8221;][\/vc_column_inner][vc_column_inner width=&#8221;1\/5&#8243;][vc_single_image image=&#8221;18575&#8243; img_size=&#8221;full&#8221; alignment=&#8221;center&#8221;][\/vc_column_inner][vc_column_inner width=&#8221;1\/5&#8243;][vc_single_image image=&#8221;17576&#8243; img_size=&#8221;full&#8221; alignment=&#8221;center&#8221;][\/vc_column_inner][vc_column_inner width=&#8221;1\/5&#8243;][vc_single_image image=&#8221;17777&#8243; img_size=&#8221;full&#8221; alignment=&#8221;center&#8221;][\/vc_column_inner][vc_column_inner width=&#8221;1\/5&#8243;][vc_single_image image=&#8221;14608&#8243; img_size=&#8221;full&#8221; alignment=&#8221;center&#8221;][\/vc_column_inner][\/vc_row_inner][vc_row_inner][vc_column_inner width=&#8221;1\/5&#8243;][vc_single_image image=&#8221;17917&#8243; img_size=&#8221;full&#8221; alignment=&#8221;center&#8221;][\/vc_column_inner][vc_column_inner width=&#8221;1\/5&#8243;][vc_single_image image=&#8221;17787&#8243; img_size=&#8221;full&#8221; alignment=&#8221;center&#8221;][\/vc_column_inner][vc_column_inner width=&#8221;1\/5&#8243;][vc_single_image image=&#8221;17775&#8243; img_size=&#8221;full&#8221; alignment=&#8221;center&#8221;][\/vc_column_inner][vc_column_inner width=&#8221;1\/5&#8243;][vc_single_image image=&#8221;17879&#8243; img_size=&#8221;full&#8221; alignment=&#8221;center&#8221;][\/vc_column_inner][vc_column_inner width=&#8221;1\/5&#8243;][vc_single_image image=&#8221;17368&#8243; img_size=&#8221;full&#8221; alignment=&#8221;center&#8221;][\/vc_column_inner][\/vc_row_inner][vc_row_inner][vc_column_inner width=&#8221;1\/6&#8243;][vc_single_image image=&#8221;18844&#8243; img_size=&#8221;full&#8221; alignment=&#8221;center&#8221;][\/vc_column_inner][vc_column_inner width=&#8221;1\/6&#8243;][vc_single_image image=&#8221;17574&#8243; img_size=&#8221;full&#8221; alignment=&#8221;center&#8221;][\/vc_column_inner][vc_column_inner width=&#8221;1\/6&#8243;][vc_single_image image=&#8221;18849&#8243; img_size=&#8221;full&#8221; alignment=&#8221;center&#8221;][\/vc_column_inner][vc_column_inner width=&#8221;1\/6&#8243;][vc_single_image image=&#8221;17943&#8243; img_size=&#8221;full&#8221; alignment=&#8221;center&#8221;][\/vc_column_inner][vc_column_inner width=&#8221;1\/6&#8243;][vc_single_image image=&#8221;18846&#8243; img_size=&#8221;full&#8221; alignment=&#8221;center&#8221;][\/vc_column_inner][vc_column_inner width=&#8221;1\/6&#8243;][vc_single_image image=&#8221;17580&#8243; img_size=&#8221;full&#8221; alignment=&#8221;center&#8221;][\/vc_column_inner][\/vc_row_inner][vc_row_inner][vc_column_inner width=&#8221;1\/6&#8243;][vc_single_image image=&#8221;17578&#8243; img_size=&#8221;full&#8221; alignment=&#8221;center&#8221;][\/vc_column_inner][vc_column_inner width=&#8221;1\/6&#8243;][vc_single_image image=&#8221;17838&#8243; img_size=&#8221;full&#8221; alignment=&#8221;center&#8221;][\/vc_column_inner][vc_column_inner width=&#8221;1\/6&#8243;][vc_single_image image=&#8221;18004&#8243; img_size=&#8221;full&#8221; alignment=&#8221;center&#8221;][\/vc_column_inner][vc_column_inner width=&#8221;1\/6&#8243;][vc_single_image image=&#8221;18864&#8243; img_size=&#8221;full&#8221; alignment=&#8221;center&#8221;][\/vc_column_inner][vc_column_inner width=&#8221;1\/6&#8243;][vc_single_image image=&#8221;18001&#8243; img_size=&#8221;full&#8221; alignment=&#8221;center&#8221;][\/vc_column_inner][vc_column_inner width=&#8221;1\/6&#8243;][vc_single_image image=&#8221;17582&#8243; img_size=&#8221;full&#8221; alignment=&#8221;center&#8221;][\/vc_column_inner][\/vc_row_inner][\/vc_column][\/vc_row][vc_row el_class=&#8221;py-lg-2 px-lg-5&#8243;][vc_column][vc_column_text]\n<p style=\"text-align: center\"><em>Media Partner<\/em><\/p>\n[\/vc_column_text][vc_separator][vc_row_inner][vc_column_inner width=&#8221;1\/5&#8243;][\/vc_column_inner][vc_column_inner width=&#8221;1\/5&#8243;][\/vc_column_inner][vc_column_inner width=&#8221;1\/5&#8243;][vc_single_image image=&#8221;14821&#8243; img_size=&#8221;full&#8221; alignment=&#8221;center&#8221;][\/vc_column_inner][vc_column_inner width=&#8221;1\/5&#8243;][\/vc_column_inner][vc_column_inner width=&#8221;1\/5&#8243;][\/vc_column_inner][\/vc_row_inner][\/vc_column][\/vc_row][vc_row disable_element=&#8221;yes&#8221; css=&#8221;.vc_custom_1738233520420{background-color: #f9f9f9 !important;}&#8221; el_class=&#8221;py-lg-2 px-lg-5&#8243;][vc_column][vc_empty_space][vc_text_separator title=&#8221;&#8221; i_icon_fontawesome=&#8221;fas fa-quote-left&#8221; i_color=&#8221;custom&#8221; color=&#8221;custom&#8221; add_icon=&#8221;true&#8221; i_custom_color=&#8221;#eb5b37&#8243; accent_color=&#8221;#a8a8a8&#8243;][vc_column_text]\n<h3 style=\"text-align: center\"><b>La parola dei Partner<\/b><\/h3>\n[\/vc_column_text][vc_row_inner][vc_column_inner width=&#8221;1\/3&#8243;][vc_column_text]<em>\u201cL&#8217;architettura residenziale moderna abbraccia principi innovativi focalizzati sul benessere umano e sull&#8217;integrazione con la natura. Gli spazi adattivi, arricchiti da tecnologie intelligenti, rispondono alle esigenze degli occupanti, offrendo ambienti personalizzati. Questi principi guidano verso un futuro in cui l&#8217;abitare eleva la qualit\u00e0 della vita. La progettazione moderna degli edifici residenziali richiede quindi un passaggio epocale, in cui alle prestazioni strutturali ed energetiche devono esserne abbinate di nuove, spesso difficilmente misurabili.<br \/>\nNe segue un\u2019evoluzione dei modelli di progettazione che coinvolge tutto il mondo professionale, in una contaminazione che riguarda non solo l\u2019architettura e l\u2019ingegneria\u201d.<\/em><\/p>\n<p style=\"text-align: left\"><span style=\"color: #eb5b37\"><strong>Ing. Andrea Dari<br \/>\n<\/strong><em>moderatore<\/em><\/span>[\/vc_column_text][\/vc_column_inner][vc_column_inner width=&#8221;1\/3&#8243;][vc_column_text]\n<p style=\"text-align: center\"><em>\u201cLe costruzioni sono protagoniste di numerose sfide, dal contrasto ai cambiamenti climatici alla prevenzione del rischio sismico, particolarmente significativo per il territorio italiano. L\u2019avanzamento delle metodologie progettuali e di modellazione di sistemi dinamici sempre pi\u00f9 complessi e per questo in grado di simulare al meglio il reale comportamento termo-igrometrico degli edifici, oltre che strutturale, \u00e8 fondamentale per migliorare le condizioni di confort e sicurezza abitativa e per mitigare gli impatti ambientali.<\/em><br \/>\n<em>Puntare all\u2019innovazione di prodotto e di tecnologie per i nuovi edifici risulta, il pi\u00f9 delle volte, decisivo. I prodotti ceramici possono fornire un contributo significativo per la molteplicit\u00e0 dei requisiti tecnici e la continua evoluzione produttiva che li caratterizzano\u201d.<\/em><\/p>\n<p style=\"text-align: center\"><span style=\"color: #eb5b37\"><strong>Confindustria Ceramica<\/strong><\/span><\/p>\n[\/vc_column_text][\/vc_column_inner][vc_column_inner width=&#8221;1\/3&#8243;][vc_column_text]\n<p style=\"text-align: right\"><em>\u201cLa percezione della casa nella cultura italiana sta cambiando: da bene rifugio, catalizzatore di risparmi, a casa-servizio, per una utenza sempre pi\u00f9 mobile dal punto di vista lavorativo e variabile dal punto di vista del nucleo familiare. La casa-servizio, anche se provvisoria, deve rispondere pienamente alle esigenze complesse di una utenza sempre pi\u00f9 esigente. I criteri di sicurezza (sismica, d\u2019uso e sociale) e flessibilit\u00e0 (degli spazi interni ma anche degli spazi filtro tra esterno ed interno) si devono sposare con una sensibilit\u00e0 sempre pi\u00f9 orientata alla tutela dell\u2019ambiente e alla sostenibilit\u00e0. Tutto ci\u00f2 porta ad un nuovo approccio progettuale, basato su strumenti evoluti (BIM e Intelligenza Artificiale) che coinvolge non solo l\u2019edificio ma anche il contesto nel quale esso viene collocato\u201d.<\/em><\/p>\n<p style=\"text-align: right\"><span style=\"color: #eb5b37\"><em><strong>Ing. Emanuele Gozzi<\/strong><br \/>\n<\/em><\/span><span style=\"color: #eb5b37\"><em>OICE<\/em><\/span>[\/vc_column_text][\/vc_column_inner][\/vc_row_inner][vc_text_separator title=&#8221;&#8221; i_type=&#8221;typicons&#8221; i_icon_typicons=&#8221;typcn typcn-media-record&#8221; i_color=&#8221;custom&#8221; color=&#8221;custom&#8221; add_icon=&#8221;true&#8221; i_custom_color=&#8221;#eb5b37&#8243; accent_color=&#8221;#f9f9f9&#8243;][vc_row_inner][vc_column_inner width=&#8221;1\/3&#8243;][vc_column_text]<em>\u201cL\u2019uso di tetti ventilati, anche basati su innovative tegole in laterizio \u201ctraspiranti\u201d, permette efficacemente di mitigare gli effetti del surriscaldamento climatico, grazie al risparmio di energia per la climatizzazione e al miglioramento del comfort termico in edifici e citt\u00e0\u201d.<\/em><\/p>\n<p style=\"text-align: left\"><span style=\"color: #eb5b37\"><strong>Prof.sa Elisa Di Giuseppe<br \/>\n<\/strong><em>Universit\u00e0 Politecnica delle Marche<\/em><\/span>[\/vc_column_text][\/vc_column_inner][vc_column_inner width=&#8221;1\/3&#8243;][vc_column_text]\n<p style=\"text-align: center\"><em>\u201cLe pi\u00f9 recenti comunicazioni della EU delineano uno scenario futuro delle costruzioni in Europa fortemente orientato alla sostenibilit\u00e0. Comprendere cosa significhi sostenibilit\u00e0, di edifici e materiali da costruzione, e come questa sostenibilit\u00e0 possa essere misurata e valutata, \u00e8 la sfida odierna per tutti gli attori della filiera, dai progettisti, alle imprese, agli utenti finali.<br \/>\nLe norme CEN di riferimento forniscono la risposta armonizzata e lo strumento di calcolo e di comunicazione valido a livello europeo per la valutazione degli impatti ambientali di prodotti ed edifici nel loro ciclo di vita, rispondendo appunto con uno strumento consolidato alla sfida di progettare e costruire edifici sostenibili.\u201d.<\/em><\/p>\n<p style=\"text-align: center\"><span style=\"color: #eb5b37\"><strong>Arch. Caterina Gargari<\/strong><em><br \/>\n<\/em><\/span><span style=\"color: #eb5b37\"><em>Coordinatore GL Sostenibilit\u00e0 UNI<\/em><\/span>[\/vc_column_text][\/vc_column_inner][vc_column_inner width=&#8221;1\/3&#8243;][vc_column_text]\n<p style=\"text-align: right\"><em>\u201cDurante il convegno verranno affrontate tutte le possibili soluzioni progettuali a disposizione del progettista nel caso di strutture intelaiate, anche prefabbricate, valutando gli oneri che derivano da un\u2019interazione terreno-struttura particolarmente svantaggiosa sintetizzata, tipicamente, con una Risposta Sismica Locale\u201d.<\/em><\/p>\n<p style=\"text-align: right\"><span style=\"color: #eb5b37\"><strong>Prof. Francesco Clementi<br \/>\n<\/strong><em>Universit\u00e0 Politecnica delle Marche e Comitato scientifico ISI<\/em><\/span>[\/vc_column_text][\/vc_column_inner][\/vc_row_inner][vc_text_separator title=&#8221;&#8221; i_type=&#8221;typicons&#8221; i_icon_typicons=&#8221;typcn typcn-media-record&#8221; i_color=&#8221;custom&#8221; color=&#8221;custom&#8221; add_icon=&#8221;true&#8221; i_custom_color=&#8221;#eb5b37&#8243; accent_color=&#8221;#f9f9f9&#8243;][vc_row_inner][vc_column_inner width=&#8221;1\/2&#8243;][vc_column_text]\n<p style=\"text-align: left\"><em>\u201cIl tema dell\u2019innovazione rappresenta una questione di particolare rilevanza per il futuro dell\u2019edilizia. Negli ultimi decenni l\u2019adozione di tecnologie innovative ha consentito un cambio di paradigma nella cultura del costruire e ha portato una serie di vantaggi significativi. L\u2019edilizia del futuro sar\u00e0 caratterizzata da processi di costruzione sempre pi\u00f9 standardizzati e rapidi, da materiali sostenibili e da una gestione energetica intelligente. In Italia c\u2019\u00e8 molta strada da percorrere anche in tema di comfort e sostenibilit\u00e0, ma le potenzialit\u00e0 delle tecnologie innovative nel settore sono immense e consentiranno di immaginare un nuovo modello di sviluppo a cui seguir\u00e0 un approccio diverso di costruire e vivere il territorio\u201d.<\/em><\/p>\n<p style=\"text-align: left\"><span style=\"color: #eb5b37\"><strong>Francesco Iorio Gnisci<br \/>\n<\/strong><em>Consigliere Giovani Imprenditori edili ANCE Marche<\/em><\/span>[\/vc_column_text][\/vc_column_inner][vc_column_inner width=&#8221;1\/2&#8243;][vc_column_text]\n<p style=\"text-align: right\"><em>\u201cLa crisi climatica ci impone una riflessione profonda e immediata sul nostro modo di costruire il futuro. Nel settore edile, non possiamo pi\u00f9 permetterci di ignorare l&#8217;urgenza di adottare pratiche sostenibili che vadano oltre il convenzionale. Partecipare al SAIE LAB mi offre l&#8217;opportunit\u00e0 di sottolineare come l&#8217;innovazione in materia di tecnologie e modelli di calcolo possa essere la chiave per rivoluzionare l&#8217;industria delle costruzioni, trasformandola in un esempio virtuoso di rispetto e tutela dell&#8217;ambiente. \u00c8 il momento di agire con decisione, puntando su soluzioni che garantiscano la sostenibilit\u00e0 ambientale come principio fondamentale e non negoziabile del nostro lavoro\u201d.<\/em><\/p>\n<p style=\"text-align: right\"><span style=\"color: #eb5b37\"><strong>Alberto Romagnoli<br \/>\n<\/strong><em>Consigliere CNI<\/em><\/span>[\/vc_column_text][\/vc_column_inner][\/vc_row_inner][vc_text_separator title=&#8221;&#8221; i_icon_fontawesome=&#8221;fas fa-quote-right&#8221; i_color=&#8221;custom&#8221; color=&#8221;custom&#8221; add_icon=&#8221;true&#8221; i_custom_color=&#8221;#eb5b37&#8243; accent_color=&#8221;#a8a8a8&#8243;][vc_empty_space][\/vc_column][\/vc_row][vc_row el_class=&#8221;py-lg-2 px-lg-5&#8243;][vc_column][vc_row_inner][vc_column_inner][vc_separator][vc_column_text]\n<h6 style=\"text-align: center\"><a href=\"https:\/\/www.saiebari.it\/it\/lab\/#4tappe\"><strong>Scopri le altre tappe dei SAIE LAB, clicca qui \u00bb<\/strong><\/a><\/h6>\n[\/vc_column_text][vc_separator][\/vc_column_inner][\/vc_row_inner][\/vc_column][\/vc_row]\n","protected":false},"excerpt":{"rendered":"<p>[vc_row equal_height=&#8221;yes&#8221;][vc_column css=&#8221;.vc_custom_1739532864216{background-image: url(\/public\/uploads\/sites\/13\/SAIELAB_Header_BOLOGNA_1920x784.jpg?id=17333) !important;background-position: center !important;background-repeat: no-repeat !important;background-size: cover !important;}&#8221;][vc_empty_space][vc_row_inner][vc_column_inner][vc_column_text el_class=&#8221;py-lg-2 px-lg-2&#8243;] SAIE LAB &#8211; Dissesto idrogeologico: strategie di prevenzione e azioni di contrasto BOLOGNA, Savoia Hotel Regency 15 Aprile 2025, ore 10:00 &#8211; 17:00 [\/vc_column_text][\/vc_column_inner][\/vc_row_inner][vc_empty_space][\/vc_column][\/vc_row][vc_row equal_height=&#8221;yes&#8221;][vc_column][vc_empty_space][vc_row_inner equal_height=&#8221;yes&#8221; content_placement=&#8221;middle&#8221;][vc_column_inner el_class=&#8221;py-lg-2 px-lg-5 text-left&#8221; width=&#8221;2\/3&#8243;][vc_empty_space][vc_column_text el_class=&#8221;my-1&#8243;] Un convegno per affrontare le sfide della sicurezza territoriale Dopo [&hellip;]<\/p>\n","protected":false},"author":33,"featured_media":0,"parent":8733,"menu_order":0,"comment_status":"closed","ping_status":"closed","template":"page-landing-noheader.php","meta":[],"acf":[],"aioseo_notices":[],"_links":{"self":[{"href":"https:\/\/www.saiebari.it\/it\/wp-json\/wp\/v2\/pages\/17326"}],"collection":[{"href":"https:\/\/www.saiebari.it\/it\/wp-json\/wp\/v2\/pages"}],"about":[{"href":"https:\/\/www.saiebari.it\/it\/wp-json\/wp\/v2\/types\/page"}],"author":[{"embeddable":true,"href":"https:\/\/www.saiebari.it\/it\/wp-json\/wp\/v2\/users\/33"}],"replies":[{"embeddable":true,"href":"https:\/\/www.saiebari.it\/it\/wp-json\/wp\/v2\/comments?post=17326"}],"version-history":[{"count":4,"href":"https:\/\/www.saiebari.it\/it\/wp-json\/wp\/v2\/pages\/17326\/revisions"}],"predecessor-version":[{"id":21239,"href":"https:\/\/www.saiebari.it\/it\/wp-json\/wp\/v2\/pages\/17326\/revisions\/21239"}],"up":[{"embeddable":true,"href":"https:\/\/www.saiebari.it\/it\/wp-json\/wp\/v2\/pages\/8733"}],"wp:attachment":[{"href":"https:\/\/www.saiebari.it\/it\/wp-json\/wp\/v2\/media?parent=17326"}],"curies":[{"name":"wp","href":"https:\/\/api.w.org\/{rel}","templated":true}]}}